{"id":1084,"date":"2021-11-22T12:00:47","date_gmt":"2021-11-22T12:00:47","guid":{"rendered":"http:\/\/mallorca-anwalt.com\/resenas\/"},"modified":"2025-04-30T16:59:43","modified_gmt":"2025-04-30T16:59:43","slug":"reviews","status":"publish","type":"page","link":"https:\/\/mallorca-anwalt.com\/en\/reviews\/","title":{"rendered":"REVIEWS"},"content":{"rendered":"[vc_row type=&#8221;in_container&#8221; full_screen_row_position=&#8221;middle&#8221; column_margin=&#8221;default&#8221; column_direction=&#8221;default&#8221; column_direction_tablet=&#8221;default&#8221; column_direction_phone=&#8221;default&#8221; scene_position=&#8221;center&#8221; top_padding=&#8221;4%&#8221; bottom_padding=&#8221;4%&#8221; text_color=&#8221;dark&#8221; text_align=&#8221;left&#8221; row_border_radius=&#8221;none&#8221; row_border_radius_applies=&#8221;bg&#8221; overlay_strength=&#8221;0.3&#8243; gradient_direction=&#8221;left_to_right&#8221; shape_divider_position=&#8221;bottom&#8221; bg_image_animation=&#8221;none&#8221; shape_type=&#8221;&#8221;][vc_column column_padding=&#8221;no-extra-padding&#8221; column_padding_tablet=&#8221;inherit&#8221; column_padding_phone=&#8221;inherit&#8221; column_padding_position=&#8221;all&#8221; column_element_spacing=&#8221;default&#8221; background_color_opacity=&#8221;1&#8243; background_hover_color_opacity=&#8221;1&#8243; column_shadow=&#8221;none&#8221; column_border_radius=&#8221;none&#8221; column_link_target=&#8221;_self&#8221; gradient_direction=&#8221;left_to_right&#8221; overlay_strength=&#8221;0.3&#8243; width=&#8221;1\/2&#8243; tablet_width_inherit=&#8221;default&#8221; tablet_text_alignment=&#8221;default&#8221; phone_text_alignment=&#8221;default&#8221; bg_image_animation=&#8221;none&#8221; border_type=&#8221;simple&#8221; column_border_width=&#8221;none&#8221; column_border_style=&#8221;solid&#8221;][image_with_animation image_url=&#8221;816&#8243; animation=&#8221;Fade In&#8221; hover_animation=&#8221;none&#8221; alignment=&#8221;&#8221; border_radius=&#8221;none&#8221; box_shadow=&#8221;none&#8221; image_loading=&#8221;default&#8221; max_width=&#8221;100%&#8221; max_width_mobile=&#8221;default&#8221;][\/vc_column][vc_column column_padding=&#8221;no-extra-padding&#8221; column_padding_tablet=&#8221;inherit&#8221; column_padding_phone=&#8221;inherit&#8221; column_padding_position=&#8221;all&#8221; column_element_spacing=&#8221;default&#8221; background_color_opacity=&#8221;1&#8243; background_hover_color_opacity=&#8221;1&#8243; column_shadow=&#8221;none&#8221; column_border_radius=&#8221;none&#8221; column_link_target=&#8221;_self&#8221; gradient_direction=&#8221;left_to_right&#8221; overlay_strength=&#8221;0.3&#8243; width=&#8221;1\/2&#8243; tablet_width_inherit=&#8221;default&#8221; tablet_text_alignment=&#8221;default&#8221; phone_text_alignment=&#8221;default&#8221; bg_image_animation=&#8221;none&#8221; border_type=&#8221;simple&#8221; column_border_width=&#8221;none&#8221; column_border_style=&#8221;solid&#8221;][vc_column_text]\n<ul>\n<li><a href=\"http:\/\/mallorca-anwalt.com\/wp-content\/uploads\/2021\/11\/mz-19.08.2010-vertrge.pdf\" target=\"_blank\" rel=\"noopener\">Agosto de 2010<\/a><\/li>\n<li><a href=\"http:\/\/mallorca-anwalt.com\/wp-content\/uploads\/2021\/11\/aeem-300x153-1.jpg\" target=\"_blank\" rel=\"noopener\">Con el Sr. Jos\u00e9 Ram\u00f3n Bauz\u00e1<\/a><\/li>\n<li><a href=\"http:\/\/mallorca-anwalt.com\/wp-content\/uploads\/2021\/11\/elaviso-august-2010-immobilien-vererben3.pdf\" target=\"_blank\" rel=\"noopener\">El aviso \u2013 agosto de 2010<\/a><\/li>\n<li><a href=\"http:\/\/mallorca-anwalt.com\/wp-content\/uploads\/2021\/11\/elaviso_02_2011-jagd-nach-dem-schuldner1.pdf\" target=\"_blank\" rel=\"noopener\">El aviso \u2013 febrero de 2011<\/a><\/li>\n<li><a href=\"http:\/\/mallorca-anwalt.com\/wp-content\/uploads\/2021\/11\/elaviso-juli-2010-immobilienerwerb-wie-erwirbt-man-wohnungseigentum1.pdf\" target=\"_blank\" rel=\"noopener\">El aviso \u2013 julio de 2010<\/a><\/li>\n<li><a href=\"http:\/\/mallorca-anwalt.com\/wp-content\/uploads\/2021\/11\/elaviso-juni-2010-andratx.pdf\" target=\"_blank\" rel=\"noopener\">El aviso \u2013 junio de 2010<\/a><\/li>\n<li><a href=\"http:\/\/mallorca-anwalt.com\/wp-content\/uploads\/2021\/11\/el-aviso.com-mai-2010-1.pdf\" target=\"_blank\" rel=\"noopener\">El aviso \u2013 mayo de 2010<\/a><\/li>\n<li><a href=\"http:\/\/mallorca-anwalt.com\/wp-content\/uploads\/2021\/11\/elaviso09_2010_heike-mehr-rechte-fuer-ledige-papas1.pdf\" target=\"_blank\" rel=\"noopener\">El aviso \u2013 septiembre de 2010<\/a><\/li>\n<li><a href=\"http:\/\/mallorca-anwalt.com\/wp-content\/uploads\/2021\/11\/wenn-das-neue-inselhaus-nicht-fertig-wird-mz-270111.pdf\" target=\"_blank\" rel=\"noopener\">Enero de 2011<\/a><\/li>\n<li><a href=\"http:\/\/mallorca-anwalt.com\/wp-content\/uploads\/2021\/11\/mz-300611.pdf\" target=\"_blank\" rel=\"noopener\">Junio de 2011<\/a><\/li>\n<li><a href=\"http:\/\/mallorca-anwalt.com\/wp-content\/uploads\/2021\/11\/ABOGADO-DIC-14-V3-p1.jpg\" target=\"_blank\" rel=\"noopener\">Top Casa \u2013 12\/2014 \u2013 Su camino hacia la felicidad en la adquisici\u00f3n de su inmueble<\/a><\/li>\n<li><a href=\"http:\/\/mallorca-anwalt.com\/wp-content\/uploads\/2021\/11\/1-300x247-1.jpg\" target=\"_blank\" rel=\"noopener\">peri\u00f3dico<\/a><\/li>\n<li><a href=\"http:\/\/mallorca-anwalt.com\/wp-content\/uploads\/2021\/11\/GERBOTH-ABOGADOS-DIC-16.pdf\" target=\"_blank\" rel=\"noopener\">PATRIMONIO EN ESPA\u00d1A<\/a><\/li>\n<li><a href=\"https:\/\/mallorca-anwalt.com\/wp-content\/uploads\/2022\/03\/Blauaugig.pdf\">Blauaugig<\/a><\/li>\n<li><a href=\"https:\/\/mallorca-anwalt.com\/wp-content\/uploads\/2025\/04\/Moving_Mallorca_Gerboth_EN.pdf\">Moving to Mallorca with the help of the Gerboth &amp; Partner team<\/a><\/li>\n<li><a href=\"https:\/\/mallorca-anwalt.com\/wp-content\/uploads\/2025\/04\/Legalization_Balearic_Islands_Law_72024_EN.pdf\">Legalization of Buildings in the Balearic Islands &#8211; Law 7\/2024<\/a><\/li>\n<li><a href=\"https:\/\/mallorca-anwalt.com\/wp-content\/uploads\/2025\/04\/Differences_Inheritance_Law_ES_DE_EN.pdf\">Key Differences Between Spanish and German Inheritance Law &#8211; An Overview<\/a><\/li>\n<li><a href=\"https:\/\/mallorca-anwalt.com\/wp-content\/uploads\/2025\/04\/Squatters_Mallorca_Report_EN.pdf\">Squatters in Mallorca: What Should I Know and What Can I Do?<\/a><\/li>\n<\/ul>\n[\/vc_column_text][\/vc_column][\/vc_row]\n","protected":false},"excerpt":{"rendered":"<p>[vc_row type=&#8221;in_container&#8221; full_screen_row_position=&#8221;middle&#8221; column_margin=&#8221;default&#8221; column_direction=&#8221;default&#8221; column_direction_tablet=&#8221;default&#8221; column_direction_phone=&#8221;default&#8221; scene_position=&#8221;center&#8221; top_padding=&#8221;4%&#8221; bottom_padding=&#8221;4%&#8221; text_color=&#8221;dark&#8221; text_align=&#8221;left&#8221; row_border_radius=&#8221;none&#8221; row_border_radius_applies=&#8221;bg&#8221; overlay_strength=&#8221;0.3&#8243; gradient_direction=&#8221;left_to_right&#8221; shape_divider_position=&#8221;bottom&#8221; bg_image_animation=&#8221;none&#8221; shape_type=&#8221;&#8221;][vc_column column_padding=&#8221;no-extra-padding&#8221; column_padding_tablet=&#8221;inherit&#8221; column_padding_phone=&#8221;inherit&#8221; column_padding_position=&#8221;all&#8221; column_element_spacing=&#8221;default&#8221; background_color_opacity=&#8221;1&#8243; background_hover_color_opacity=&#8221;1&#8243; column_shadow=&#8221;none&#8221; column_border_radius=&#8221;none&#8221; column_link_target=&#8221;_self&#8221; gradient_direction=&#8221;left_to_right&#8221;&#8230;<\/p>\n","protected":false},"author":1,"featured_media":0,"parent":0,"menu_order":0,"comment_status":"closed","ping_status":"closed","template":"","meta":[],"yoast_head":"<!-- This site is optimized with the Yoast SEO plugin v19.4 - https:\/\/yoast.com\/wordpress\/plugins\/seo\/ -->\n<title>REVIEWS - Mallorca Anwalt<\/title>\n<meta name=\"robots\" content=\"index, follow, max-snippet:-1, max-image-preview:large, max-video-preview:-1\" \/>\n<link rel=\"canonical\" href=\"https:\/\/mallorca-anwalt.com\/en\/reviews\/\" \/>\n<meta property=\"og:locale\" content=\"en_US\" \/>\n<meta property=\"og:type\" content=\"article\" \/>\n<meta property=\"og:title\" content=\"REVIEWS - Mallorca Anwalt\" \/>\n<meta property=\"og:description\" content=\"[vc_row type=&#8221;in_container&#8221; full_screen_row_position=&#8221;middle&#8221; column_margin=&#8221;default&#8221; column_direction=&#8221;default&#8221; column_direction_tablet=&#8221;default&#8221; column_direction_phone=&#8221;default&#8221; scene_position=&#8221;center&#8221; top_padding=&#8221;4%&#8221; bottom_padding=&#8221;4%&#8221; text_color=&#8221;dark&#8221; text_align=&#8221;left&#8221; row_border_radius=&#8221;none&#8221; row_border_radius_applies=&#8221;bg&#8221; overlay_strength=&#8221;0.3&#8243; gradient_direction=&#8221;left_to_right&#8221; shape_divider_position=&#8221;bottom&#8221; bg_image_animation=&#8221;none&#8221; shape_type=&#8221;&#8221;][vc_column column_padding=&#8221;no-extra-padding&#8221; column_padding_tablet=&#8221;inherit&#8221; column_padding_phone=&#8221;inherit&#8221; column_padding_position=&#8221;all&#8221; column_element_spacing=&#8221;default&#8221; background_color_opacity=&#8221;1&#8243; background_hover_color_opacity=&#8221;1&#8243; column_shadow=&#8221;none&#8221; column_border_radius=&#8221;none&#8221; column_link_target=&#8221;_self&#8221; gradient_direction=&#8221;left_to_right&#8221;...\" \/>\n<meta property=\"og:url\" content=\"https:\/\/mallorca-anwalt.com\/en\/reviews\/\" \/>\n<meta property=\"og:site_name\" content=\"Mallorca Anwalt\" \/>\n<meta property=\"article:modified_time\" content=\"2025-04-30T16:59:43+00:00\" \/>\n<meta name=\"twitter:card\" content=\"summary_large_image\" \/>\n<meta name=\"twitter:label1\" content=\"Est. reading time\" \/>\n\t<meta name=\"twitter:data1\" content=\"1 minute\" \/>\n<script type=\"application\/ld+json\" class=\"yoast-schema-graph\">{\"@context\":\"https:\/\/schema.org\",\"@graph\":[{\"@type\":\"WebSite\",\"@id\":\"https:\/\/mallorca-anwalt.com\/#website\",\"url\":\"https:\/\/mallorca-anwalt.com\/\",\"name\":\"Mallorca Anwalt\",\"description\":\"Rechtsanwalt Mallorca &amp; Ibiza , Gerboth &amp; Partner\",\"potentialAction\":[{\"@type\":\"SearchAction\",\"target\":{\"@type\":\"EntryPoint\",\"urlTemplate\":\"https:\/\/mallorca-anwalt.com\/?s={search_term_string}\"},\"query-input\":\"required name=search_term_string\"}],\"inLanguage\":\"en-US\"},{\"@type\":\"WebPage\",\"@id\":\"https:\/\/mallorca-anwalt.com\/en\/reviews\/\",\"url\":\"https:\/\/mallorca-anwalt.com\/en\/reviews\/\",\"name\":\"REVIEWS - Mallorca Anwalt\",\"isPartOf\":{\"@id\":\"https:\/\/mallorca-anwalt.com\/#website\"},\"datePublished\":\"2021-11-22T12:00:47+00:00\",\"dateModified\":\"2025-04-30T16:59:43+00:00\",\"breadcrumb\":{\"@id\":\"https:\/\/mallorca-anwalt.com\/en\/reviews\/#breadcrumb\"},\"inLanguage\":\"en-US\",\"potentialAction\":[{\"@type\":\"ReadAction\",\"target\":[\"https:\/\/mallorca-anwalt.com\/en\/reviews\/\"]}]},{\"@type\":\"BreadcrumbList\",\"@id\":\"https:\/\/mallorca-anwalt.com\/en\/reviews\/#breadcrumb\",\"itemListElement\":[{\"@type\":\"ListItem\",\"position\":1,\"name\":\"Portada\",\"item\":\"https:\/\/mallorca-anwalt.com\/en\/\"},{\"@type\":\"ListItem\",\"position\":2,\"name\":\"REVIEWS\"}]}]}<\/script>\n<!-- \/ Yoast SEO plugin. -->","yoast_head_json":{"title":"REVIEWS - Mallorca Anwalt","robots":{"index":"index","follow":"follow","max-snippet":"max-snippet:-1","max-image-preview":"max-image-preview:large","max-video-preview":"max-video-preview:-1"},"canonical":"https:\/\/mallorca-anwalt.com\/en\/reviews\/","og_locale":"en_US","og_type":"article","og_title":"REVIEWS - Mallorca Anwalt","og_description":"[vc_row type=&#8221;in_container&#8221; full_screen_row_position=&#8221;middle&#8221; column_margin=&#8221;default&#8221; column_direction=&#8221;default&#8221; column_direction_tablet=&#8221;default&#8221; column_direction_phone=&#8221;default&#8221; scene_position=&#8221;center&#8221; top_padding=&#8221;4%&#8221; bottom_padding=&#8221;4%&#8221; text_color=&#8221;dark&#8221; text_align=&#8221;left&#8221; row_border_radius=&#8221;none&#8221; row_border_radius_applies=&#8221;bg&#8221; overlay_strength=&#8221;0.3&#8243; gradient_direction=&#8221;left_to_right&#8221; shape_divider_position=&#8221;bottom&#8221; bg_image_animation=&#8221;none&#8221; shape_type=&#8221;&#8221;][vc_column column_padding=&#8221;no-extra-padding&#8221; column_padding_tablet=&#8221;inherit&#8221; column_padding_phone=&#8221;inherit&#8221; column_padding_position=&#8221;all&#8221; column_element_spacing=&#8221;default&#8221; background_color_opacity=&#8221;1&#8243; background_hover_color_opacity=&#8221;1&#8243; column_shadow=&#8221;none&#8221; column_border_radius=&#8221;none&#8221; column_link_target=&#8221;_self&#8221; gradient_direction=&#8221;left_to_right&#8221;...","og_url":"https:\/\/mallorca-anwalt.com\/en\/reviews\/","og_site_name":"Mallorca Anwalt","article_modified_time":"2025-04-30T16:59:43+00:00","twitter_card":"summary_large_image","twitter_misc":{"Est. reading time":"1 minute"},"schema":{"@context":"https:\/\/schema.org","@graph":[{"@type":"WebSite","@id":"https:\/\/mallorca-anwalt.com\/#website","url":"https:\/\/mallorca-anwalt.com\/","name":"Mallorca Anwalt","description":"Rechtsanwalt Mallorca &amp; Ibiza , Gerboth &amp; Partner","potentialAction":[{"@type":"SearchAction","target":{"@type":"EntryPoint","urlTemplate":"https:\/\/mallorca-anwalt.com\/?s={search_term_string}"},"query-input":"required name=search_term_string"}],"inLanguage":"en-US"},{"@type":"WebPage","@id":"https:\/\/mallorca-anwalt.com\/en\/reviews\/","url":"https:\/\/mallorca-anwalt.com\/en\/reviews\/","name":"REVIEWS - Mallorca Anwalt","isPartOf":{"@id":"https:\/\/mallorca-anwalt.com\/#website"},"datePublished":"2021-11-22T12:00:47+00:00","dateModified":"2025-04-30T16:59:43+00:00","breadcrumb":{"@id":"https:\/\/mallorca-anwalt.com\/en\/reviews\/#breadcrumb"},"inLanguage":"en-US","potentialAction":[{"@type":"ReadAction","target":["https:\/\/mallorca-anwalt.com\/en\/reviews\/"]}]},{"@type":"BreadcrumbList","@id":"https:\/\/mallorca-anwalt.com\/en\/reviews\/#breadcrumb","itemListElement":[{"@type":"ListItem","position":1,"name":"Portada","item":"https:\/\/mallorca-anwalt.com\/en\/"},{"@type":"ListItem","position":2,"name":"REVIEWS"}]}]}},"_links":{"self":[{"href":"https:\/\/mallorca-anwalt.com\/en\/wp-json\/wp\/v2\/pages\/1084"}],"collection":[{"href":"https:\/\/mallorca-anwalt.com\/en\/wp-json\/wp\/v2\/pages"}],"about":[{"href":"https:\/\/mallorca-anwalt.com\/en\/wp-json\/wp\/v2\/types\/page"}],"author":[{"embeddable":true,"href":"https:\/\/mallorca-anwalt.com\/en\/wp-json\/wp\/v2\/users\/1"}],"replies":[{"embeddable":true,"href":"https:\/\/mallorca-anwalt.com\/en\/wp-json\/wp\/v2\/comments?post=1084"}],"version-history":[{"count":6,"href":"https:\/\/mallorca-anwalt.com\/en\/wp-json\/wp\/v2\/pages\/1084\/revisions"}],"predecessor-version":[{"id":1544,"href":"https:\/\/mallorca-anwalt.com\/en\/wp-json\/wp\/v2\/pages\/1084\/revisions\/1544"}],"wp:attachment":[{"href":"https:\/\/mallorca-anwalt.com\/en\/wp-json\/wp\/v2\/media?parent=1084"}],"curies":[{"name":"wp","href":"https:\/\/api.w.org\/{rel}","templated":true}]}}